{"id":31,"date":"2023-05-30T12:22:34","date_gmt":"2023-05-30T10:22:34","guid":{"rendered":"https:\/\/svs-vertrieb.de\/home\/?page_id=31"},"modified":"2025-09-22T13:27:41","modified_gmt":"2025-09-22T11:27:41","slug":"news","status":"publish","type":"page","link":"https:\/\/svs-vertrieb.de\/home\/news\/","title":{"rendered":"News"},"content":{"rendered":"\t\t<div data-elementor-type=\"wp-page\" data-elementor-id=\"31\" class=\"elementor elementor-31\" data-elementor-post-type=\"page\">\n\t\t\t\t\t\t<section class=\"elementor-section elementor-top-section elementor-element elementor-element-48a004d3 elementor-section-full_width elementor-section-height-min-height elementor-section-items-top elementor-section-height-default\" data-id=\"48a004d3\" data-element_type=\"section\" data-e-type=\"section\" id=\"verstecken_div\">\n\t\t\t\t\t\t<div class=\"elementor-container elementor-column-gap-default\">\n\t\t\t\t\t<div class=\"elementor-column elementor-col-100 elementor-top-column elementor-element elementor-element-2a28aedd\" data-id=\"2a28aedd\" data-element_type=\"column\" data-e-type=\"column\">\n\t\t\t<div class=\"elementor-widget-wrap elementor-element-populated\">\n\t\t\t\t\t\t<div class=\"elementor-element elementor-element-44551acd elementor-widget__width-initial elementor-widget elementor-widget-html\" data-id=\"44551acd\" data-element_type=\"widget\" data-e-type=\"widget\" data-widget_type=\"html.default\">\n\t\t\t\t<div class=\"elementor-widget-container\">\n\t\t\t\t\t<div class=\"active-menu\">\n<div class=\"scroll-to-menu drei\">\n    <div title=\"News\" class=\"bullet\" data-id=\"news\"><\/div>\n    <div title=\"Medieninformationen\" class=\"bullet\" data-id=\"medieninformationen\"><\/div>\n<\/div>\n<\/div>\t\t\t\t<\/div>\n\t\t\t\t<\/div>\n\t\t\t\t\t<\/div>\n\t\t<\/div>\n\t\t\t\t\t<\/div>\n\t\t<\/section>\n\t\t\t\t<section class=\"elementor-section elementor-top-section elementor-element elementor-element-e41eeca elementor-hidden-tablet elementor-hidden-mobile elementor-section-boxed elementor-section-height-default elementor-section-height-default\" data-id=\"e41eeca\" data-element_type=\"section\" data-e-type=\"section\" data-settings=\"{&quot;background_background&quot;:&quot;gradient&quot;}\">\n\t\t\t\t\t\t\t<div class=\"elementor-background-overlay\"><\/div>\n\t\t\t\t\t\t\t<div class=\"elementor-container elementor-column-gap-default\">\n\t\t\t\t\t<div class=\"elementor-column elementor-col-100 elementor-top-column elementor-element elementor-element-0d42697\" data-id=\"0d42697\" data-element_type=\"column\" data-e-type=\"column\">\n\t\t\t<div class=\"elementor-widget-wrap elementor-element-populated\">\n\t\t\t\t\t\t<div class=\"elementor-element elementor-element-91279be elementor-widget__width-initial elementor--h-position-center elementor--v-position-middle elementor-pagination-position-inside elementor-widget elementor-widget-slides\" data-id=\"91279be\" data-element_type=\"widget\" data-e-type=\"widget\" data-settings=\"{&quot;navigation&quot;:&quot;dots&quot;,&quot;transition&quot;:&quot;fade&quot;,&quot;autoplay&quot;:&quot;yes&quot;,&quot;pause_on_hover&quot;:&quot;yes&quot;,&quot;pause_on_interaction&quot;:&quot;yes&quot;,&quot;autoplay_speed&quot;:5000,&quot;infinite&quot;:&quot;yes&quot;,&quot;transition_speed&quot;:500}\" data-widget_type=\"slides.default\">\n\t\t\t\t<div class=\"elementor-widget-container\">\n\t\t\t\t\t\t\t\t\t<div class=\"elementor-swiper\">\n\t\t\t\t\t<div class=\"elementor-slides-wrapper elementor-main-swiper swiper\" role=\"region\" aria-roledescription=\"carousel\" aria-label=\"Slider\" dir=\"ltr\" data-animation=\"fadeInUp\">\n\t\t\t\t<div class=\"swiper-wrapper elementor-slides\">\n\t\t\t\t\t\t\t\t\t\t<div class=\"elementor-repeater-item-9fc4cc8 swiper-slide\" role=\"group\" aria-roledescription=\"slide\"><div class=\"swiper-slide-bg\" role=\"img\" aria-label=\"SVS-News-Hero\"><\/div><div class=\"swiper-slide-inner\" ><div class=\"swiper-slide-contents\"><\/div><\/div><\/div>\t\t\t\t<\/div>\n\t\t\t\t\t\t\t<\/div>\n\t\t\t\t<\/div>\n\t\t\t\t\t\t\t\t<\/div>\n\t\t\t\t<\/div>\n\t\t\t\t\t<\/div>\n\t\t<\/div>\n\t\t\t\t\t<\/div>\n\t\t<\/section>\n\t\t\t\t<section class=\"elementor-section elementor-top-section elementor-element elementor-element-7c6c5e7 elementor-hidden-desktop elementor-hidden-mobile elementor-section-boxed elementor-section-height-default elementor-section-height-default\" data-id=\"7c6c5e7\" data-element_type=\"section\" data-e-type=\"section\" data-settings=\"{&quot;background_background&quot;:&quot;gradient&quot;}\">\n\t\t\t\t\t\t\t<div class=\"elementor-background-overlay\"><\/div>\n\t\t\t\t\t\t\t<div class=\"elementor-container elementor-column-gap-default\">\n\t\t\t\t\t<div class=\"elementor-column elementor-col-100 elementor-top-column elementor-element elementor-element-136d526\" data-id=\"136d526\" data-element_type=\"column\" data-e-type=\"column\">\n\t\t\t<div class=\"elementor-widget-wrap elementor-element-populated\">\n\t\t\t\t\t\t<div class=\"elementor-element elementor-element-6a67ce0 elementor--h-position-center elementor--v-position-middle elementor-pagination-position-inside elementor-widget elementor-widget-slides\" data-id=\"6a67ce0\" data-element_type=\"widget\" data-e-type=\"widget\" data-settings=\"{&quot;navigation&quot;:&quot;dots&quot;,&quot;transition&quot;:&quot;fade&quot;,&quot;autoplay&quot;:&quot;yes&quot;,&quot;pause_on_hover&quot;:&quot;yes&quot;,&quot;pause_on_interaction&quot;:&quot;yes&quot;,&quot;autoplay_speed&quot;:5000,&quot;infinite&quot;:&quot;yes&quot;,&quot;transition_speed&quot;:500}\" data-widget_type=\"slides.default\">\n\t\t\t\t<div class=\"elementor-widget-container\">\n\t\t\t\t\t\t\t\t\t<div class=\"elementor-swiper\">\n\t\t\t\t\t<div class=\"elementor-slides-wrapper elementor-main-swiper swiper\" role=\"region\" aria-roledescription=\"carousel\" aria-label=\"Slider\" dir=\"ltr\" data-animation=\"fadeInUp\">\n\t\t\t\t<div class=\"swiper-wrapper elementor-slides\">\n\t\t\t\t\t\t\t\t\t\t<div class=\"elementor-repeater-item-9fc4cc8 swiper-slide\" role=\"group\" aria-roledescription=\"slide\"><div class=\"swiper-slide-bg\" role=\"img\" aria-label=\"SVS-News-Hero-tablet\"><\/div><div class=\"swiper-slide-inner\" ><div class=\"swiper-slide-contents\"><\/div><\/div><\/div>\t\t\t\t<\/div>\n\t\t\t\t\t\t\t<\/div>\n\t\t\t\t<\/div>\n\t\t\t\t\t\t\t\t<\/div>\n\t\t\t\t<\/div>\n\t\t\t\t\t<\/div>\n\t\t<\/div>\n\t\t\t\t\t<\/div>\n\t\t<\/section>\n\t\t\t\t<section class=\"elementor-section elementor-top-section elementor-element elementor-element-b8bf64b elementor-hidden-desktop elementor-hidden-tablet elementor-section-boxed elementor-section-height-default elementor-section-height-default\" data-id=\"b8bf64b\" data-element_type=\"section\" data-e-type=\"section\" data-settings=\"{&quot;background_background&quot;:&quot;gradient&quot;}\">\n\t\t\t\t\t\t\t<div class=\"elementor-background-overlay\"><\/div>\n\t\t\t\t\t\t\t<div class=\"elementor-container elementor-column-gap-default\">\n\t\t\t\t\t<div class=\"elementor-column elementor-col-100 elementor-top-column elementor-element elementor-element-b0b2413\" data-id=\"b0b2413\" data-element_type=\"column\" data-e-type=\"column\">\n\t\t\t<div class=\"elementor-widget-wrap elementor-element-populated\">\n\t\t\t\t\t\t<div class=\"elementor-element elementor-element-2ead8c4 elementor--h-position-center elementor--v-position-middle elementor-pagination-position-inside elementor-widget elementor-widget-slides\" data-id=\"2ead8c4\" data-element_type=\"widget\" data-e-type=\"widget\" data-settings=\"{&quot;navigation&quot;:&quot;dots&quot;,&quot;transition&quot;:&quot;fade&quot;,&quot;autoplay&quot;:&quot;yes&quot;,&quot;pause_on_hover&quot;:&quot;yes&quot;,&quot;pause_on_interaction&quot;:&quot;yes&quot;,&quot;autoplay_speed&quot;:5000,&quot;infinite&quot;:&quot;yes&quot;,&quot;transition_speed&quot;:500}\" data-widget_type=\"slides.default\">\n\t\t\t\t<div class=\"elementor-widget-container\">\n\t\t\t\t\t\t\t\t\t<div class=\"elementor-swiper\">\n\t\t\t\t\t<div class=\"elementor-slides-wrapper elementor-main-swiper swiper\" role=\"region\" aria-roledescription=\"carousel\" aria-label=\"Slider\" dir=\"ltr\" data-animation=\"fadeInUp\">\n\t\t\t\t<div class=\"swiper-wrapper elementor-slides\">\n\t\t\t\t\t\t\t\t\t\t<div class=\"elementor-repeater-item-9fc4cc8 swiper-slide\" role=\"group\" aria-roledescription=\"slide\"><div class=\"swiper-slide-bg\" role=\"img\" aria-label=\"SVS-News-Hero-mobile\"><\/div><div class=\"swiper-slide-inner\" ><div class=\"swiper-slide-contents\"><\/div><\/div><\/div>\t\t\t\t<\/div>\n\t\t\t\t\t\t\t<\/div>\n\t\t\t\t<\/div>\n\t\t\t\t\t\t\t\t<\/div>\n\t\t\t\t<\/div>\n\t\t\t\t\t<\/div>\n\t\t<\/div>\n\t\t\t\t\t<\/div>\n\t\t<\/section>\n\t\t\t\t<section class=\"elementor-section elementor-top-section elementor-element elementor-element-9060d77 elementor-section-boxed elementor-section-height-default elementor-section-height-default\" data-id=\"9060d77\" data-element_type=\"section\" data-e-type=\"section\" id=\"news\">\n\t\t\t\t\t\t<div class=\"elementor-container elementor-column-gap-default\">\n\t\t\t\t\t<div class=\"elementor-column elementor-col-100 elementor-top-column elementor-element elementor-element-b8ecf67\" data-id=\"b8ecf67\" data-element_type=\"column\" data-e-type=\"column\">\n\t\t\t<div class=\"elementor-widget-wrap elementor-element-populated\">\n\t\t\t\t\t\t<div class=\"elementor-element elementor-element-ce4ccb4 elementor-widget elementor-widget-heading\" data-id=\"ce4ccb4\" data-element_type=\"widget\" data-e-type=\"widget\" data-widget_type=\"heading.default\">\n\t\t\t\t<div class=\"elementor-widget-container\">\n\t\t\t\t\t<h1 class=\"elementor-heading-title elementor-size-default\">Newsbereich<\/h1>\t\t\t\t<\/div>\n\t\t\t\t<\/div>\n\t\t\t\t<div class=\"elementor-element elementor-element-ad88e5b elementor-widget elementor-widget-heading\" data-id=\"ad88e5b\" data-element_type=\"widget\" data-e-type=\"widget\" data-widget_type=\"heading.default\">\n\t\t\t\t<div class=\"elementor-widget-container\">\n\t\t\t\t\t<h2 class=\"elementor-heading-title elementor-size-default\">Bleiben Sie informiert \u00fcber aktuelle Themen &amp; Aktionen<\/h2>\t\t\t\t<\/div>\n\t\t\t\t<\/div>\n\t\t\t\t\t<\/div>\n\t\t<\/div>\n\t\t\t\t\t<\/div>\n\t\t<\/section>\n\t\t\t\t<section class=\"elementor-section elementor-top-section elementor-element elementor-element-23f27c6 elementor-section-boxed elementor-section-height-default elementor-section-height-default\" data-id=\"23f27c6\" data-element_type=\"section\" data-e-type=\"section\">\n\t\t\t\t\t\t<div class=\"elementor-container elementor-column-gap-default\">\n\t\t\t\t\t<div class=\"elementor-column elementor-col-100 elementor-top-column elementor-element elementor-element-3ee80ba\" data-id=\"3ee80ba\" data-element_type=\"column\" data-e-type=\"column\">\n\t\t\t<div class=\"elementor-widget-wrap elementor-element-populated\">\n\t\t\t\t\t\t<div class=\"elementor-element elementor-element-07d1393 elementor-grid-3 elementor-grid-tablet-2 elementor-grid-mobile-1 elementor-posts--thumbnail-top elementor-card-shadow-yes elementor-posts__hover-gradient elementor-widget elementor-widget-posts\" data-id=\"07d1393\" data-element_type=\"widget\" data-e-type=\"widget\" data-settings=\"{&quot;cards_columns&quot;:&quot;3&quot;,&quot;cards_columns_tablet&quot;:&quot;2&quot;,&quot;cards_columns_mobile&quot;:&quot;1&quot;,&quot;cards_row_gap&quot;:{&quot;unit&quot;:&quot;px&quot;,&quot;size&quot;:35,&quot;sizes&quot;:[]},&quot;cards_row_gap_tablet&quot;:{&quot;unit&quot;:&quot;px&quot;,&quot;size&quot;:&quot;&quot;,&quot;sizes&quot;:[]},&quot;cards_row_gap_mobile&quot;:{&quot;unit&quot;:&quot;px&quot;,&quot;size&quot;:&quot;&quot;,&quot;sizes&quot;:[]}}\" data-widget_type=\"posts.cards\">\n\t\t\t\t<div class=\"elementor-widget-container\">\n\t\t\t\t\t\t\t<div class=\"elementor-posts-container elementor-posts elementor-posts--skin-cards elementor-grid\" role=\"list\">\n\t\t\t\t<article class=\"elementor-post elementor-grid-item post-2630 post type-post status-publish format-standard has-post-thumbnail hentry category-news\" role=\"listitem\">\n\t\t\t<div class=\"elementor-post__card\">\n\t\t\t\t<a class=\"elementor-post__thumbnail__link\" href=\"https:\/\/svs-vertrieb.de\/home\/news\/neue-stylingloesungen-von-solis-fuer-modernes-haarstyling\/\" tabindex=\"-1\" ><div class=\"elementor-post__thumbnail\"><img fetchpriority=\"high\" decoding=\"async\" width=\"1344\" height=\"896\" src=\"https:\/\/svs-vertrieb.de\/home\/wp-content\/uploads\/SVS-Blog-Header-1344x896px-1-1.png\" class=\"attachment-full size-full wp-image-2634\" alt=\"\" srcset=\"https:\/\/svs-vertrieb.de\/home\/wp-content\/uploads\/SVS-Blog-Header-1344x896px-1-1.png 1344w, https:\/\/svs-vertrieb.de\/home\/wp-content\/uploads\/SVS-Blog-Header-1344x896px-1-1-300x200.png 300w, https:\/\/svs-vertrieb.de\/home\/wp-content\/uploads\/SVS-Blog-Header-1344x896px-1-1-1024x683.png 1024w, https:\/\/svs-vertrieb.de\/home\/wp-content\/uploads\/SVS-Blog-Header-1344x896px-1-1-768x512.png 768w\" sizes=\"(max-width: 1344px) 100vw, 1344px\" \/><\/div><\/a>\n\t\t\t\t<div class=\"elementor-post__text\">\n\t\t\t\t<h3 class=\"elementor-post__title\">\n\t\t\t<a href=\"https:\/\/svs-vertrieb.de\/home\/news\/neue-stylingloesungen-von-solis-fuer-modernes-haarstyling\/\" >\n\t\t\t\tNeue Stylingl\u00f6sungen von Solis f\u00fcr modernes Haarstyling\t\t\t<\/a>\n\t\t<\/h3>\n\t\t\t\t<div class=\"elementor-post__excerpt\">\n\t\t\t<p>Multifunktionalit\u00e4t, Zeitersparnis und einfache Anwendung \u2013 genau diese Anforderungen pr\u00e4gen aktuell die Nachfrage im Haarstyling. Gleichzeitig legen Kunden zunehmend Wert auf hochwertige Verarbeitung und zuverl\u00e4ssige<\/p>\n\t\t<\/div>\n\t\t\t\t\t<div class=\"elementor-post__read-more-wrapper\">\n\t\t\n\t\t<a class=\"elementor-post__read-more\" href=\"https:\/\/svs-vertrieb.de\/home\/news\/neue-stylingloesungen-von-solis-fuer-modernes-haarstyling\/\" aria-label=\"Mehr \u00fcber Neue Stylingl\u00f6sungen von Solis f\u00fcr modernes Haarstyling\" tabindex=\"-1\" >\n\t\t\tWeiterlesen\t\t<\/a>\n\n\t\t\t\t\t<\/div>\n\t\t\t\t<\/div>\n\t\t\t\t<div class=\"elementor-post__meta-data\">\n\t\t\t\t\t<span class=\"elementor-post-date\">\n\t\t\t22. April 2026\t\t<\/span>\n\t\t\t\t<\/div>\n\t\t\t\t\t<\/div>\n\t\t<\/article>\n\t\t\t\t<article class=\"elementor-post elementor-grid-item post-2613 post type-post status-publish format-standard has-post-thumbnail hentry category-news\" role=\"listitem\">\n\t\t\t<div class=\"elementor-post__card\">\n\t\t\t\t<a class=\"elementor-post__thumbnail__link\" href=\"https:\/\/svs-vertrieb.de\/home\/news\/solis-gewinnt-erneut-den-plus-x-award-auch-2026-beste-marke-des-jahres\/\" tabindex=\"-1\" ><div class=\"elementor-post__thumbnail\"><img decoding=\"async\" width=\"1200\" height=\"627\" src=\"https:\/\/svs-vertrieb.de\/home\/wp-content\/uploads\/Header-Plus-X-Award-2026.png\" class=\"attachment-full size-full wp-image-2611\" alt=\"\" srcset=\"https:\/\/svs-vertrieb.de\/home\/wp-content\/uploads\/Header-Plus-X-Award-2026.png 1200w, https:\/\/svs-vertrieb.de\/home\/wp-content\/uploads\/Header-Plus-X-Award-2026-300x157.png 300w, https:\/\/svs-vertrieb.de\/home\/wp-content\/uploads\/Header-Plus-X-Award-2026-1024x535.png 1024w, https:\/\/svs-vertrieb.de\/home\/wp-content\/uploads\/Header-Plus-X-Award-2026-768x401.png 768w\" sizes=\"(max-width: 1200px) 100vw, 1200px\" \/><\/div><\/a>\n\t\t\t\t<div class=\"elementor-post__text\">\n\t\t\t\t<h3 class=\"elementor-post__title\">\n\t\t\t<a href=\"https:\/\/svs-vertrieb.de\/home\/news\/solis-gewinnt-erneut-den-plus-x-award-auch-2026-beste-marke-des-jahres\/\" >\n\t\t\t\tSolis gewinnt erneut den Plus X Award \u2013 auch 2026 \u201eBeste Marke des Jahres\u201c\t\t\t<\/a>\n\t\t<\/h3>\n\t\t\t\t<div class=\"elementor-post__excerpt\">\n\t\t\t<p>Doppelte Auszeichnung, doppelte Best\u00e4tigung: Nachdem Solis bereits 2025 als \u201eBeste Marke des Jahres\u201c ausgezeichnet wurde, erh\u00e4lt unsere Marke auch 2026 erneut den renommierten Plus X<\/p>\n\t\t<\/div>\n\t\t\t\t\t<div class=\"elementor-post__read-more-wrapper\">\n\t\t\n\t\t<a class=\"elementor-post__read-more\" href=\"https:\/\/svs-vertrieb.de\/home\/news\/solis-gewinnt-erneut-den-plus-x-award-auch-2026-beste-marke-des-jahres\/\" aria-label=\"Mehr \u00fcber Solis gewinnt erneut den Plus X Award \u2013 auch 2026 \u201eBeste Marke des Jahres\u201c\" tabindex=\"-1\" >\n\t\t\tWeiterlesen\t\t<\/a>\n\n\t\t\t\t\t<\/div>\n\t\t\t\t<\/div>\n\t\t\t\t<div class=\"elementor-post__meta-data\">\n\t\t\t\t\t<span class=\"elementor-post-date\">\n\t\t\t10. April 2026\t\t<\/span>\n\t\t\t\t<\/div>\n\t\t\t\t\t<\/div>\n\t\t<\/article>\n\t\t\t\t<article class=\"elementor-post elementor-grid-item post-2572 post type-post status-publish format-standard has-post-thumbnail hentry category-news tag-fernsehen tag-freenettv tag-hybridtvstick\" role=\"listitem\">\n\t\t\t<div class=\"elementor-post__card\">\n\t\t\t\t<a class=\"elementor-post__thumbnail__link\" href=\"https:\/\/svs-vertrieb.de\/home\/news\/mehr-moeglichkeiten-fuer-modernes-fernsehen-mit-dem-hybrid-tv-stick-von-freenet-tv\/\" tabindex=\"-1\" ><div class=\"elementor-post__thumbnail\"><img decoding=\"async\" width=\"1344\" height=\"896\" src=\"https:\/\/svs-vertrieb.de\/home\/wp-content\/uploads\/SVS-Blog-Header-1344x896px-8.png\" class=\"attachment-full size-full wp-image-2573\" alt=\"\" srcset=\"https:\/\/svs-vertrieb.de\/home\/wp-content\/uploads\/SVS-Blog-Header-1344x896px-8.png 1344w, https:\/\/svs-vertrieb.de\/home\/wp-content\/uploads\/SVS-Blog-Header-1344x896px-8-300x200.png 300w, https:\/\/svs-vertrieb.de\/home\/wp-content\/uploads\/SVS-Blog-Header-1344x896px-8-1024x683.png 1024w, https:\/\/svs-vertrieb.de\/home\/wp-content\/uploads\/SVS-Blog-Header-1344x896px-8-768x512.png 768w\" sizes=\"(max-width: 1344px) 100vw, 1344px\" \/><\/div><\/a>\n\t\t\t\t<div class=\"elementor-post__text\">\n\t\t\t\t<h3 class=\"elementor-post__title\">\n\t\t\t<a href=\"https:\/\/svs-vertrieb.de\/home\/news\/mehr-moeglichkeiten-fuer-modernes-fernsehen-mit-dem-hybrid-tv-stick-von-freenet-tv\/\" >\n\t\t\t\tMehr M\u00f6glichkeiten f\u00fcr modernes Fernsehen: Mit dem Hybrid TV Stick von freenet TV\t\t\t<\/a>\n\t\t<\/h3>\n\t\t\t\t<div class=\"elementor-post__excerpt\">\n\t\t\t<p>Streaming und Fernsehen einfach kombiniert Die Art, wie Inhalte konsumiert werden, hat sich in den letzten Jahren deutlich ver\u00e4ndert. Streaming ist f\u00fcr viele l\u00e4ngst zum<\/p>\n\t\t<\/div>\n\t\t\t\t\t<div class=\"elementor-post__read-more-wrapper\">\n\t\t\n\t\t<a class=\"elementor-post__read-more\" href=\"https:\/\/svs-vertrieb.de\/home\/news\/mehr-moeglichkeiten-fuer-modernes-fernsehen-mit-dem-hybrid-tv-stick-von-freenet-tv\/\" aria-label=\"Mehr \u00fcber Mehr M\u00f6glichkeiten f\u00fcr modernes Fernsehen: Mit dem Hybrid TV Stick von freenet TV\" tabindex=\"-1\" >\n\t\t\tWeiterlesen\t\t<\/a>\n\n\t\t\t\t\t<\/div>\n\t\t\t\t<\/div>\n\t\t\t\t<div class=\"elementor-post__meta-data\">\n\t\t\t\t\t<span class=\"elementor-post-date\">\n\t\t\t1. April 2026\t\t<\/span>\n\t\t\t\t<\/div>\n\t\t\t\t\t<\/div>\n\t\t<\/article>\n\t\t\t\t<article class=\"elementor-post elementor-grid-item post-2549 post type-post status-publish format-standard has-post-thumbnail hentry category-news\" role=\"listitem\">\n\t\t\t<div class=\"elementor-post__card\">\n\t\t\t\t<a class=\"elementor-post__thumbnail__link\" href=\"https:\/\/svs-vertrieb.de\/home\/news\/neu-aufbewahrungstasche-fuer-den-solis-5-in-1-tischgrill-jetzt-vorbestellbar\/\" tabindex=\"-1\" ><div class=\"elementor-post__thumbnail\"><img loading=\"lazy\" decoding=\"async\" width=\"1344\" height=\"896\" src=\"https:\/\/svs-vertrieb.de\/home\/wp-content\/uploads\/SVS-Blog-Header-1344x896px-7.png\" class=\"attachment-full size-full wp-image-2550\" alt=\"\" srcset=\"https:\/\/svs-vertrieb.de\/home\/wp-content\/uploads\/SVS-Blog-Header-1344x896px-7.png 1344w, https:\/\/svs-vertrieb.de\/home\/wp-content\/uploads\/SVS-Blog-Header-1344x896px-7-300x200.png 300w, https:\/\/svs-vertrieb.de\/home\/wp-content\/uploads\/SVS-Blog-Header-1344x896px-7-1024x683.png 1024w, https:\/\/svs-vertrieb.de\/home\/wp-content\/uploads\/SVS-Blog-Header-1344x896px-7-768x512.png 768w\" sizes=\"(max-width: 1344px) 100vw, 1344px\" \/><\/div><\/a>\n\t\t\t\t<div class=\"elementor-post__text\">\n\t\t\t\t<h3 class=\"elementor-post__title\">\n\t\t\t<a href=\"https:\/\/svs-vertrieb.de\/home\/news\/neu-aufbewahrungstasche-fuer-den-solis-5-in-1-tischgrill-jetzt-vorbestellbar\/\" >\n\t\t\t\tNeu: Aufbewahrungstasche f\u00fcr den Solis 5 in 1 Tischgrill \u2013 jetzt vorbestellbar\t\t\t<\/a>\n\t\t<\/h3>\n\t\t\t\t<div class=\"elementor-post__excerpt\">\n\t\t\t<p>Mit der neuen Solis Transport- und Aufbewahrungstasche erweitert Solis das Sortiment um ein durchdachtes Zubeh\u00f6rprodukt, das gezielt auf die Bed\u00fcrfnisse von Funcooking-Kunden eingeht. Die Tasche<\/p>\n\t\t<\/div>\n\t\t\t\t\t<div class=\"elementor-post__read-more-wrapper\">\n\t\t\n\t\t<a class=\"elementor-post__read-more\" href=\"https:\/\/svs-vertrieb.de\/home\/news\/neu-aufbewahrungstasche-fuer-den-solis-5-in-1-tischgrill-jetzt-vorbestellbar\/\" aria-label=\"Mehr \u00fcber Neu: Aufbewahrungstasche f\u00fcr den Solis 5 in 1 Tischgrill \u2013 jetzt vorbestellbar\" tabindex=\"-1\" >\n\t\t\tWeiterlesen\t\t<\/a>\n\n\t\t\t\t\t<\/div>\n\t\t\t\t<\/div>\n\t\t\t\t<div class=\"elementor-post__meta-data\">\n\t\t\t\t\t<span class=\"elementor-post-date\">\n\t\t\t20. M\u00e4rz 2026\t\t<\/span>\n\t\t\t\t<\/div>\n\t\t\t\t\t<\/div>\n\t\t<\/article>\n\t\t\t\t<article class=\"elementor-post elementor-grid-item post-2533 post type-post status-publish format-standard has-post-thumbnail hentry category-news\" role=\"listitem\">\n\t\t\t<div class=\"elementor-post__card\">\n\t\t\t\t<a class=\"elementor-post__thumbnail__link\" href=\"https:\/\/svs-vertrieb.de\/home\/news\/osterzeit-in-der-kueche-frische-impulse-mit-der-weissen-solis-serie\/\" tabindex=\"-1\" ><div class=\"elementor-post__thumbnail\"><img loading=\"lazy\" decoding=\"async\" width=\"1344\" height=\"896\" src=\"https:\/\/svs-vertrieb.de\/home\/wp-content\/uploads\/SVS-Blog-Header-1344x896px-5.png\" class=\"attachment-full size-full wp-image-2534\" alt=\"\" srcset=\"https:\/\/svs-vertrieb.de\/home\/wp-content\/uploads\/SVS-Blog-Header-1344x896px-5.png 1344w, https:\/\/svs-vertrieb.de\/home\/wp-content\/uploads\/SVS-Blog-Header-1344x896px-5-300x200.png 300w, https:\/\/svs-vertrieb.de\/home\/wp-content\/uploads\/SVS-Blog-Header-1344x896px-5-1024x683.png 1024w, https:\/\/svs-vertrieb.de\/home\/wp-content\/uploads\/SVS-Blog-Header-1344x896px-5-768x512.png 768w\" sizes=\"(max-width: 1344px) 100vw, 1344px\" \/><\/div><\/a>\n\t\t\t\t<div class=\"elementor-post__text\">\n\t\t\t\t<h3 class=\"elementor-post__title\">\n\t\t\t<a href=\"https:\/\/svs-vertrieb.de\/home\/news\/osterzeit-in-der-kueche-frische-impulse-mit-der-weissen-solis-serie\/\" >\n\t\t\t\tOsterzeit in der K\u00fcche: Frische Impulse mit der wei\u00dfen Solis Serie\t\t\t<\/a>\n\t\t<\/h3>\n\t\t\t\t<div class=\"elementor-post__excerpt\">\n\t\t\t<p>Wenn die Osterfeiertage n\u00e4her r\u00fccken, stehen Fr\u00fchst\u00fcck und Brunch bei vielen Haushalten besonders im Mittelpunkt. Frische Zutaten, unkomplizierte Zubereitung und gemeinsame Genussmomente pr\u00e4gen diese Tage<\/p>\n\t\t<\/div>\n\t\t\t\t\t<div class=\"elementor-post__read-more-wrapper\">\n\t\t\n\t\t<a class=\"elementor-post__read-more\" href=\"https:\/\/svs-vertrieb.de\/home\/news\/osterzeit-in-der-kueche-frische-impulse-mit-der-weissen-solis-serie\/\" aria-label=\"Mehr \u00fcber Osterzeit in der K\u00fcche: Frische Impulse mit der wei\u00dfen Solis Serie\" tabindex=\"-1\" >\n\t\t\tWeiterlesen\t\t<\/a>\n\n\t\t\t\t\t<\/div>\n\t\t\t\t<\/div>\n\t\t\t\t<div class=\"elementor-post__meta-data\">\n\t\t\t\t\t<span class=\"elementor-post-date\">\n\t\t\t4. M\u00e4rz 2026\t\t<\/span>\n\t\t\t\t<\/div>\n\t\t\t\t\t<\/div>\n\t\t<\/article>\n\t\t\t\t<article class=\"elementor-post elementor-grid-item post-2529 post type-post status-publish format-standard hentry category-medieninformation\" role=\"listitem\">\n\t\t\t<div class=\"elementor-post__card\">\n\t\t\t\t<div class=\"elementor-post__text\">\n\t\t\t\t<h3 class=\"elementor-post__title\">\n\t\t\t<a href=\"https:\/\/svs-vertrieb.de\/home\/news\/medieninformation\/solis-praesentiert-kompakte-kaffeekunst-lifestyle-neuheiten-auf-ambiente-und-koop\/\" >\n\t\t\t\tSolis pr\u00e4sentiert kompakte Kaffeekunst &#038; Lifestyle Neuheiten auf Ambiente und KOOP\t\t\t<\/a>\n\t\t<\/h3>\n\t\t\t\t<div class=\"elementor-post__excerpt\">\n\t\t\t<p>Mit hochwertigen Kaffeevollautomaten, neuen Fun-Cooking-L\u00f6sungen und frischen Impulsen im Beauty-Segment pr\u00e4sentiert sich Solis in diesem Jahr auf gleich zwei Leitmessen des Handels: der Ambiente in<\/p>\n\t\t<\/div>\n\t\t\t\t\t<div class=\"elementor-post__read-more-wrapper\">\n\t\t\n\t\t<a class=\"elementor-post__read-more\" href=\"https:\/\/svs-vertrieb.de\/home\/news\/medieninformation\/solis-praesentiert-kompakte-kaffeekunst-lifestyle-neuheiten-auf-ambiente-und-koop\/\" aria-label=\"Mehr \u00fcber Solis pr\u00e4sentiert kompakte Kaffeekunst &#038; Lifestyle Neuheiten auf Ambiente und KOOP\" tabindex=\"-1\" >\n\t\t\tWeiterlesen\t\t<\/a>\n\n\t\t\t\t\t<\/div>\n\t\t\t\t<\/div>\n\t\t\t\t<div class=\"elementor-post__meta-data\">\n\t\t\t\t\t<span class=\"elementor-post-date\">\n\t\t\t3. Februar 2026\t\t<\/span>\n\t\t\t\t<\/div>\n\t\t\t\t\t<\/div>\n\t\t<\/article>\n\t\t\t\t<article class=\"elementor-post elementor-grid-item post-2509 post type-post status-publish format-standard has-post-thumbnail hentry category-news\" role=\"listitem\">\n\t\t\t<div class=\"elementor-post__card\">\n\t\t\t\t<a class=\"elementor-post__thumbnail__link\" href=\"https:\/\/svs-vertrieb.de\/home\/news\/die-brandneue-solis-airvolution-reihe-professionelles-hair-styling-auf-neuem-niveau\/\" tabindex=\"-1\" ><div class=\"elementor-post__thumbnail\"><img loading=\"lazy\" decoding=\"async\" width=\"1344\" height=\"896\" src=\"https:\/\/svs-vertrieb.de\/home\/wp-content\/uploads\/SVS-Blog-Header-1344x896px-4.png\" class=\"attachment-full size-full wp-image-2510\" alt=\"\" srcset=\"https:\/\/svs-vertrieb.de\/home\/wp-content\/uploads\/SVS-Blog-Header-1344x896px-4.png 1344w, https:\/\/svs-vertrieb.de\/home\/wp-content\/uploads\/SVS-Blog-Header-1344x896px-4-300x200.png 300w, https:\/\/svs-vertrieb.de\/home\/wp-content\/uploads\/SVS-Blog-Header-1344x896px-4-1024x683.png 1024w, https:\/\/svs-vertrieb.de\/home\/wp-content\/uploads\/SVS-Blog-Header-1344x896px-4-768x512.png 768w\" sizes=\"(max-width: 1344px) 100vw, 1344px\" \/><\/div><\/a>\n\t\t\t\t<div class=\"elementor-post__text\">\n\t\t\t\t<h3 class=\"elementor-post__title\">\n\t\t\t<a href=\"https:\/\/svs-vertrieb.de\/home\/news\/die-brandneue-solis-airvolution-reihe-professionelles-hair-styling-auf-neuem-niveau\/\" >\n\t\t\t\tDie brandneue Solis AirVolution-Reihe: Professionelles Hair-Styling auf neuem Niveau\t\t\t<\/a>\n\t\t<\/h3>\n\t\t\t\t<div class=\"elementor-post__excerpt\">\n\t\t\t<p>Mit der erweiterten Solis AirVolution-Reihe setzt Solis neue Ma\u00dfst\u00e4be im Bereich moderner Haartrocknung. Drei neue Modelle, eine klare technologische Handschrift und ein gemeinsames Ziel: leistungsstarkes,<\/p>\n\t\t<\/div>\n\t\t\t\t\t<div class=\"elementor-post__read-more-wrapper\">\n\t\t\n\t\t<a class=\"elementor-post__read-more\" href=\"https:\/\/svs-vertrieb.de\/home\/news\/die-brandneue-solis-airvolution-reihe-professionelles-hair-styling-auf-neuem-niveau\/\" aria-label=\"Mehr \u00fcber Die brandneue Solis AirVolution-Reihe: Professionelles Hair-Styling auf neuem Niveau\" tabindex=\"-1\" >\n\t\t\tWeiterlesen\t\t<\/a>\n\n\t\t\t\t\t<\/div>\n\t\t\t\t<\/div>\n\t\t\t\t<div class=\"elementor-post__meta-data\">\n\t\t\t\t\t<span class=\"elementor-post-date\">\n\t\t\t28. Januar 2026\t\t<\/span>\n\t\t\t\t<\/div>\n\t\t\t\t\t<\/div>\n\t\t<\/article>\n\t\t\t\t<article class=\"elementor-post elementor-grid-item post-2484 post type-post status-publish format-standard has-post-thumbnail hentry category-news\" role=\"listitem\">\n\t\t\t<div class=\"elementor-post__card\">\n\t\t\t\t<a class=\"elementor-post__thumbnail__link\" href=\"https:\/\/svs-vertrieb.de\/home\/news\/neu-im-sortiment-die-solis-barista-gran-gusto\/\" tabindex=\"-1\" ><div class=\"elementor-post__thumbnail\"><img loading=\"lazy\" decoding=\"async\" width=\"1344\" height=\"896\" src=\"https:\/\/svs-vertrieb.de\/home\/wp-content\/uploads\/SVS-Blog-Header-1344x896px-3.png\" class=\"attachment-full size-full wp-image-2485\" alt=\"\" srcset=\"https:\/\/svs-vertrieb.de\/home\/wp-content\/uploads\/SVS-Blog-Header-1344x896px-3.png 1344w, https:\/\/svs-vertrieb.de\/home\/wp-content\/uploads\/SVS-Blog-Header-1344x896px-3-300x200.png 300w, https:\/\/svs-vertrieb.de\/home\/wp-content\/uploads\/SVS-Blog-Header-1344x896px-3-1024x683.png 1024w, https:\/\/svs-vertrieb.de\/home\/wp-content\/uploads\/SVS-Blog-Header-1344x896px-3-768x512.png 768w\" sizes=\"(max-width: 1344px) 100vw, 1344px\" \/><\/div><\/a>\n\t\t\t\t<div class=\"elementor-post__text\">\n\t\t\t\t<h3 class=\"elementor-post__title\">\n\t\t\t<a href=\"https:\/\/svs-vertrieb.de\/home\/news\/neu-im-sortiment-die-solis-barista-gran-gusto\/\" >\n\t\t\t\tNeu im Sortiment: Die Solis Barista Gran Gusto\t\t\t<\/a>\n\t\t<\/h3>\n\t\t\t\t<div class=\"elementor-post__excerpt\">\n\t\t\t<p>Design, Pr\u00e4zision und echtes Barista-Erlebnis Mit der Solis Barista Gran Gusto erweitert Solis sein Kaffeesortiment um eine Siebtr\u00e4germaschine, die anspruchsvolle Kaffeeliebhaber gezielt anspricht. Sie vereint<\/p>\n\t\t<\/div>\n\t\t\t\t\t<div class=\"elementor-post__read-more-wrapper\">\n\t\t\n\t\t<a class=\"elementor-post__read-more\" href=\"https:\/\/svs-vertrieb.de\/home\/news\/neu-im-sortiment-die-solis-barista-gran-gusto\/\" aria-label=\"Mehr \u00fcber Neu im Sortiment: Die Solis Barista Gran Gusto\" tabindex=\"-1\" >\n\t\t\tWeiterlesen\t\t<\/a>\n\n\t\t\t\t\t<\/div>\n\t\t\t\t<\/div>\n\t\t\t\t<div class=\"elementor-post__meta-data\">\n\t\t\t\t\t<span class=\"elementor-post-date\">\n\t\t\t13. Januar 2026\t\t<\/span>\n\t\t\t\t<\/div>\n\t\t\t\t\t<\/div>\n\t\t<\/article>\n\t\t\t\t<article class=\"elementor-post elementor-grid-item post-2459 post type-post status-publish format-standard has-post-thumbnail hentry category-news\" role=\"listitem\">\n\t\t\t<div class=\"elementor-post__card\">\n\t\t\t\t<a class=\"elementor-post__thumbnail__link\" href=\"https:\/\/svs-vertrieb.de\/home\/news\/ambiente-2026-solis-erstmals-vertreten-produktneuheiten-live-erleben\/\" tabindex=\"-1\" ><div class=\"elementor-post__thumbnail\"><img loading=\"lazy\" decoding=\"async\" width=\"1344\" height=\"896\" src=\"https:\/\/svs-vertrieb.de\/home\/wp-content\/uploads\/SVS-Blog-Header-1344x896px-2.png\" class=\"attachment-full size-full wp-image-2460\" alt=\"\" srcset=\"https:\/\/svs-vertrieb.de\/home\/wp-content\/uploads\/SVS-Blog-Header-1344x896px-2.png 1344w, https:\/\/svs-vertrieb.de\/home\/wp-content\/uploads\/SVS-Blog-Header-1344x896px-2-300x200.png 300w, https:\/\/svs-vertrieb.de\/home\/wp-content\/uploads\/SVS-Blog-Header-1344x896px-2-1024x683.png 1024w, https:\/\/svs-vertrieb.de\/home\/wp-content\/uploads\/SVS-Blog-Header-1344x896px-2-768x512.png 768w\" sizes=\"(max-width: 1344px) 100vw, 1344px\" \/><\/div><\/a>\n\t\t\t\t<div class=\"elementor-post__text\">\n\t\t\t\t<h3 class=\"elementor-post__title\">\n\t\t\t<a href=\"https:\/\/svs-vertrieb.de\/home\/news\/ambiente-2026-solis-erstmals-vertreten-produktneuheiten-live-erleben\/\" >\n\t\t\t\tAmbiente 2026: Solis erstmals vertreten \u2013 Produktneuheiten live erleben!\t\t\t<\/a>\n\t\t<\/h3>\n\t\t\t\t<div class=\"elementor-post__excerpt\">\n\t\t\t<p>Gerne laden wir Sie ein, uns vom\u00a006. bis 10. Februar 2026\u00a0auf der\u00a0Ambiente\u00a0in Frankfurt am Main\u00a0zu besuchen. Mit einem eigenen\u00a0Solis Stand sind wir erstmals auf der<\/p>\n\t\t<\/div>\n\t\t\t\t\t<div class=\"elementor-post__read-more-wrapper\">\n\t\t\n\t\t<a class=\"elementor-post__read-more\" href=\"https:\/\/svs-vertrieb.de\/home\/news\/ambiente-2026-solis-erstmals-vertreten-produktneuheiten-live-erleben\/\" aria-label=\"Mehr \u00fcber Ambiente 2026: Solis erstmals vertreten \u2013 Produktneuheiten live erleben!\" tabindex=\"-1\" >\n\t\t\tWeiterlesen\t\t<\/a>\n\n\t\t\t\t\t<\/div>\n\t\t\t\t<\/div>\n\t\t\t\t<div class=\"elementor-post__meta-data\">\n\t\t\t\t\t<span class=\"elementor-post-date\">\n\t\t\t8. Januar 2026\t\t<\/span>\n\t\t\t\t<\/div>\n\t\t\t\t\t<\/div>\n\t\t<\/article>\n\t\t\t\t<\/div>\n\t\t\n\t\t\t\t\t\t<\/div>\n\t\t\t\t<\/div>\n\t\t\t\t\t<\/div>\n\t\t<\/div>\n\t\t\t\t\t<\/div>\n\t\t<\/section>\n\t\t\t\t<section class=\"elementor-section elementor-top-section elementor-element elementor-element-20c34f2 elementor-section-boxed elementor-section-height-default elementor-section-height-default\" data-id=\"20c34f2\" data-element_type=\"section\" data-e-type=\"section\" id=\"medieninformationen\">\n\t\t\t\t\t\t<div class=\"elementor-container elementor-column-gap-default\">\n\t\t\t\t\t<div class=\"elementor-column elementor-col-100 elementor-top-column elementor-element elementor-element-56ddbe5\" data-id=\"56ddbe5\" data-element_type=\"column\" data-e-type=\"column\">\n\t\t\t<div class=\"elementor-widget-wrap elementor-element-populated\">\n\t\t\t\t\t\t<div class=\"elementor-element elementor-element-9a04920 elementor-widget elementor-widget-heading\" data-id=\"9a04920\" data-element_type=\"widget\" data-e-type=\"widget\" data-widget_type=\"heading.default\">\n\t\t\t\t<div class=\"elementor-widget-container\">\n\t\t\t\t\t<h1 class=\"elementor-heading-title elementor-size-default\">Medieninformationen<\/h1>\t\t\t\t<\/div>\n\t\t\t\t<\/div>\n\t\t\t\t<div class=\"elementor-element elementor-element-363f89f elementor-widget elementor-widget-heading\" data-id=\"363f89f\" data-element_type=\"widget\" data-e-type=\"widget\" data-widget_type=\"heading.default\">\n\t\t\t\t<div class=\"elementor-widget-container\">\n\t\t\t\t\t<h2 class=\"elementor-heading-title elementor-size-default\">Offizielle Informationen zu SVS<\/h2>\t\t\t\t<\/div>\n\t\t\t\t<\/div>\n\t\t\t\t\t<\/div>\n\t\t<\/div>\n\t\t\t\t\t<\/div>\n\t\t<\/section>\n\t\t\t\t<section class=\"elementor-section elementor-top-section elementor-element elementor-element-9be5bf1 elementor-section-boxed elementor-section-height-default elementor-section-height-default\" data-id=\"9be5bf1\" data-element_type=\"section\" data-e-type=\"section\">\n\t\t\t\t\t\t<div class=\"elementor-container elementor-column-gap-default\">\n\t\t\t\t\t<div class=\"elementor-column elementor-col-100 elementor-top-column elementor-element elementor-element-e6141ba\" data-id=\"e6141ba\" data-element_type=\"column\" data-e-type=\"column\">\n\t\t\t<div class=\"elementor-widget-wrap elementor-element-populated\">\n\t\t\t\t\t\t<div class=\"elementor-element elementor-element-9e60f3c elementor-grid-2 elementor-grid-tablet-2 elementor-grid-mobile-1 elementor-posts--thumbnail-top elementor-card-shadow-yes elementor-posts__hover-gradient elementor-widget elementor-widget-posts\" data-id=\"9e60f3c\" data-element_type=\"widget\" data-e-type=\"widget\" data-settings=\"{&quot;cards_columns&quot;:&quot;2&quot;,&quot;cards_columns_tablet&quot;:&quot;2&quot;,&quot;cards_columns_mobile&quot;:&quot;1&quot;,&quot;cards_row_gap&quot;:{&quot;unit&quot;:&quot;px&quot;,&quot;size&quot;:35,&quot;sizes&quot;:[]},&quot;cards_row_gap_tablet&quot;:{&quot;unit&quot;:&quot;px&quot;,&quot;size&quot;:&quot;&quot;,&quot;sizes&quot;:[]},&quot;cards_row_gap_mobile&quot;:{&quot;unit&quot;:&quot;px&quot;,&quot;size&quot;:&quot;&quot;,&quot;sizes&quot;:[]}}\" data-widget_type=\"posts.cards\">\n\t\t\t\t<div class=\"elementor-widget-container\">\n\t\t\t\t\t\t\t<div class=\"elementor-posts-container elementor-posts elementor-posts--skin-cards elementor-grid\" role=\"list\">\n\t\t\t\t<article class=\"elementor-post elementor-grid-item post-2529 post type-post status-publish format-standard hentry category-medieninformation\" role=\"listitem\">\n\t\t\t<div class=\"elementor-post__card\">\n\t\t\t\t<div class=\"elementor-post__text\">\n\t\t\t\t<h3 class=\"elementor-post__title\">\n\t\t\t<a href=\"https:\/\/svs-vertrieb.de\/home\/news\/medieninformation\/solis-praesentiert-kompakte-kaffeekunst-lifestyle-neuheiten-auf-ambiente-und-koop\/\" >\n\t\t\t\tSolis pr\u00e4sentiert kompakte Kaffeekunst &#038; Lifestyle Neuheiten auf Ambiente und KOOP\t\t\t<\/a>\n\t\t<\/h3>\n\t\t\t\t<div class=\"elementor-post__excerpt\">\n\t\t\t<p>Mit hochwertigen Kaffeevollautomaten, neuen Fun-Cooking-L\u00f6sungen und frischen Impulsen im Beauty-Segment pr\u00e4sentiert sich Solis in diesem Jahr auf gleich zwei Leitmessen des Handels: der Ambiente in<\/p>\n\t\t<\/div>\n\t\t\t\t\t<div class=\"elementor-post__read-more-wrapper\">\n\t\t\n\t\t<a class=\"elementor-post__read-more\" href=\"https:\/\/svs-vertrieb.de\/home\/news\/medieninformation\/solis-praesentiert-kompakte-kaffeekunst-lifestyle-neuheiten-auf-ambiente-und-koop\/\" aria-label=\"Mehr \u00fcber Solis pr\u00e4sentiert kompakte Kaffeekunst &#038; Lifestyle Neuheiten auf Ambiente und KOOP\" tabindex=\"-1\" >\n\t\t\tWeiterlesen\t\t<\/a>\n\n\t\t\t\t\t<\/div>\n\t\t\t\t<\/div>\n\t\t\t\t<div class=\"elementor-post__meta-data\">\n\t\t\t\t\t<span class=\"elementor-post-date\">\n\t\t\t3. Februar 2026\t\t<\/span>\n\t\t\t\t<\/div>\n\t\t\t\t\t<\/div>\n\t\t<\/article>\n\t\t\t\t<article class=\"elementor-post elementor-grid-item post-2083 post type-post status-publish format-standard hentry category-medieninformation\" role=\"listitem\">\n\t\t\t<div class=\"elementor-post__card\">\n\t\t\t\t<div class=\"elementor-post__text\">\n\t\t\t\t<h3 class=\"elementor-post__title\">\n\t\t\t<a href=\"https:\/\/svs-vertrieb.de\/home\/news\/medieninformation\/strategische-partnerschaft-mit-media-broadcast-freenet-tv\/\" >\n\t\t\t\tSVS \u00fcbernimmt exklusive Onlinevermarktung  f\u00fcr freenet TV CI+ Module und freenet Hybrid TV-Sticks\t\t\t<\/a>\n\t\t<\/h3>\n\t\t\t\t<div class=\"elementor-post__excerpt\">\n\t\t\t<p>SVS erweitert sein Portfolio im Bereich Braune Ware und \u00fcbernimmt ab sofort die exklusive Onlinevermarktung von freenet TV CI+ Modulen und freenet Hybrid TV-Sticks. Die<\/p>\n\t\t<\/div>\n\t\t\t\t\t<div class=\"elementor-post__read-more-wrapper\">\n\t\t\n\t\t<a class=\"elementor-post__read-more\" href=\"https:\/\/svs-vertrieb.de\/home\/news\/medieninformation\/strategische-partnerschaft-mit-media-broadcast-freenet-tv\/\" aria-label=\"Mehr \u00fcber SVS \u00fcbernimmt exklusive Onlinevermarktung  f\u00fcr freenet TV CI+ Module und freenet Hybrid TV-Sticks\" tabindex=\"-1\" >\n\t\t\tWeiterlesen\t\t<\/a>\n\n\t\t\t\t\t<\/div>\n\t\t\t\t<\/div>\n\t\t\t\t<div class=\"elementor-post__meta-data\">\n\t\t\t\t\t<span class=\"elementor-post-date\">\n\t\t\t24. Juni 2025\t\t<\/span>\n\t\t\t\t<\/div>\n\t\t\t\t\t<\/div>\n\t\t<\/article>\n\t\t\t\t<article class=\"elementor-post elementor-grid-item post-1769 post type-post status-publish format-standard hentry category-medieninformation category-news\" role=\"listitem\">\n\t\t\t<div class=\"elementor-post__card\">\n\t\t\t\t<div class=\"elementor-post__text\">\n\t\t\t\t<h3 class=\"elementor-post__title\">\n\t\t\t<a href=\"https:\/\/svs-vertrieb.de\/home\/news\/humax-zeigt-neue-wallbox-fuer-gewerbliche-anwendungen-auf-der-power2drive-europe-2024\/\" >\n\t\t\t\tHUMAX zeigt neue Wallbox f\u00fcr gewerbliche Anwendungen \u2028auf der Power2Drive Europe 2024\t\t\t<\/a>\n\t\t<\/h3>\n\t\t\t\t<div class=\"elementor-post__excerpt\">\n\t\t\t<p>C6.240 | Power2Drive Europe 2024 | 19. &#8211; 21. Juni | Messe M\u00fcnchen\u00a0 Nach dem Launch seiner Wallbox f\u00fcr Privathaushalte gew\u00e4hrt HUMAX nun im Rahmen<\/p>\n\t\t<\/div>\n\t\t\t\t\t<div class=\"elementor-post__read-more-wrapper\">\n\t\t\n\t\t<a class=\"elementor-post__read-more\" href=\"https:\/\/svs-vertrieb.de\/home\/news\/humax-zeigt-neue-wallbox-fuer-gewerbliche-anwendungen-auf-der-power2drive-europe-2024\/\" aria-label=\"Mehr \u00fcber HUMAX zeigt neue Wallbox f\u00fcr gewerbliche Anwendungen \u2028auf der Power2Drive Europe 2024\" tabindex=\"-1\" >\n\t\t\tWeiterlesen\t\t<\/a>\n\n\t\t\t\t\t<\/div>\n\t\t\t\t<\/div>\n\t\t\t\t<div class=\"elementor-post__meta-data\">\n\t\t\t\t\t<span class=\"elementor-post-date\">\n\t\t\t13. Juni 2024\t\t<\/span>\n\t\t\t\t<\/div>\n\t\t\t\t\t<\/div>\n\t\t<\/article>\n\t\t\t\t<article class=\"elementor-post elementor-grid-item post-1713 post type-post status-publish format-standard hentry category-medieninformation category-news\" role=\"listitem\">\n\t\t\t<div class=\"elementor-post__card\">\n\t\t\t\t<div class=\"elementor-post__text\">\n\t\t\t\t<h3 class=\"elementor-post__title\">\n\t\t\t<a href=\"https:\/\/svs-vertrieb.de\/home\/news\/erfolgreicher-auslieferungsstart-neue-humax-ecord-wallbox-fuer-private-haushalte-ab-sofort-verfuegbar\/\" >\n\t\t\t\tErfolgreicher Auslieferungsstart: Neue HUMAX eCord Wallbox f\u00fcr private Haushalte ab sofort verf\u00fcgbar\t\t\t<\/a>\n\t\t<\/h3>\n\t\t\t\t<div class=\"elementor-post__excerpt\">\n\t\t\t<p>Im Rahmen der k\u00fcrzlich geschlossenen Vertriebspartnerschaft zwischen SVS und HUMAX im Bereich Elektromobilit\u00e4t ist nun mit dem HUMAX eCord das erste Produkt offiziell verf\u00fcgbar. Die<\/p>\n\t\t<\/div>\n\t\t\t\t\t<div class=\"elementor-post__read-more-wrapper\">\n\t\t\n\t\t<a class=\"elementor-post__read-more\" href=\"https:\/\/svs-vertrieb.de\/home\/news\/erfolgreicher-auslieferungsstart-neue-humax-ecord-wallbox-fuer-private-haushalte-ab-sofort-verfuegbar\/\" aria-label=\"Mehr \u00fcber Erfolgreicher Auslieferungsstart: Neue HUMAX eCord Wallbox f\u00fcr private Haushalte ab sofort verf\u00fcgbar\" tabindex=\"-1\" >\n\t\t\tWeiterlesen\t\t<\/a>\n\n\t\t\t\t\t<\/div>\n\t\t\t\t<\/div>\n\t\t\t\t<div class=\"elementor-post__meta-data\">\n\t\t\t\t\t<span class=\"elementor-post-date\">\n\t\t\t2. Mai 2024\t\t<\/span>\n\t\t\t\t<\/div>\n\t\t\t\t\t<\/div>\n\t\t<\/article>\n\t\t\t\t<article class=\"elementor-post elementor-grid-item post-1699 post type-post status-publish format-standard hentry category-medieninformation category-news\" role=\"listitem\">\n\t\t\t<div class=\"elementor-post__card\">\n\t\t\t\t<div class=\"elementor-post__text\">\n\t\t\t\t<h3 class=\"elementor-post__title\">\n\t\t\t<a href=\"https:\/\/svs-vertrieb.de\/home\/news\/von-wallbox-bis-flotten-management-technologie-riese-humax-bringt-seine-mobility-loesungen-nach-deutschland\/\" >\n\t\t\t\tVon Wallbox bis Flotten-Management: Technologie-Riese HUMAX bringt \u2028seine Mobility-L\u00f6sungen nach Deutschland\t\t\t<\/a>\n\t\t<\/h3>\n\t\t\t\t<div class=\"elementor-post__excerpt\">\n\t\t\t<p>HUMAX liefert in Partnerschaft mit SVS unter der Marke HUMAX eCord innovative Wallboxen zum einfachen, komfortablen Laden von Elektrofahrzeugen.<\/p>\n\t\t<\/div>\n\t\t\t\t\t<div class=\"elementor-post__read-more-wrapper\">\n\t\t\n\t\t<a class=\"elementor-post__read-more\" href=\"https:\/\/svs-vertrieb.de\/home\/news\/von-wallbox-bis-flotten-management-technologie-riese-humax-bringt-seine-mobility-loesungen-nach-deutschland\/\" aria-label=\"Mehr \u00fcber Von Wallbox bis Flotten-Management: Technologie-Riese HUMAX bringt \u2028seine Mobility-L\u00f6sungen nach Deutschland\" tabindex=\"-1\" >\n\t\t\tWeiterlesen\t\t<\/a>\n\n\t\t\t\t\t<\/div>\n\t\t\t\t<\/div>\n\t\t\t\t<div class=\"elementor-post__meta-data\">\n\t\t\t\t\t<span class=\"elementor-post-date\">\n\t\t\t18. April 2024\t\t<\/span>\n\t\t\t\t<\/div>\n\t\t\t\t\t<\/div>\n\t\t<\/article>\n\t\t\t\t<article class=\"elementor-post elementor-grid-item post-1652 post type-post status-publish format-standard hentry category-medieninformation category-news\" role=\"listitem\">\n\t\t\t<div class=\"elementor-post__card\">\n\t\t\t\t<div class=\"elementor-post__text\">\n\t\t\t\t<h3 class=\"elementor-post__title\">\n\t\t\t<a href=\"https:\/\/svs-vertrieb.de\/home\/news\/medieninformation\/svs-startet-auslieferung-des-brandneuen-humax-eco-ii-hd-receivers\/\" >\n\t\t\t\tSVS startet Auslieferung des brandneuen HUMAX Eco II HD+ Receivers\t\t\t<\/a>\n\t\t<\/h3>\n\t\t\t\t<div class=\"elementor-post__excerpt\">\n\t\t\t<p>Passend zum HD+ Programmausbau Ende 2023 mit 16 zus\u00e4tzlichen HD-Programmen liefert SVS nun einen brandneuen HD+ Receiver der Qualit\u00e4tsmarke HUMAX. Ausgestattet mit einer HD+ Karte<\/p>\n\t\t<\/div>\n\t\t\t\t\t<div class=\"elementor-post__read-more-wrapper\">\n\t\t\n\t\t<a class=\"elementor-post__read-more\" href=\"https:\/\/svs-vertrieb.de\/home\/news\/medieninformation\/svs-startet-auslieferung-des-brandneuen-humax-eco-ii-hd-receivers\/\" aria-label=\"Mehr \u00fcber SVS startet Auslieferung des brandneuen HUMAX Eco II HD+ Receivers\" tabindex=\"-1\" >\n\t\t\tWeiterlesen\t\t<\/a>\n\n\t\t\t\t\t<\/div>\n\t\t\t\t<\/div>\n\t\t\t\t<div class=\"elementor-post__meta-data\">\n\t\t\t\t\t<span class=\"elementor-post-date\">\n\t\t\t16. Januar 2024\t\t<\/span>\n\t\t\t\t<\/div>\n\t\t\t\t\t<\/div>\n\t\t<\/article>\n\t\t\t\t<\/div>\n\t\t\n\t\t\t\t\t\t<\/div>\n\t\t\t\t<\/div>\n\t\t\t\t\t<\/div>\n\t\t<\/div>\n\t\t\t\t\t<\/div>\n\t\t<\/section>\n\t\t\t\t<\/div>\n\t\t","protected":false},"excerpt":{"rendered":"<p>Newsbereich Bleiben Sie informiert \u00fcber aktuelle Themen &amp; Aktionen Medieninformationen Offizielle Informationen zu SVS<\/p>\n","protected":false},"author":1,"featured_media":0,"parent":0,"menu_order":0,"comment_status":"closed","ping_status":"closed","template":"elementor_header_footer","meta":{"_acf_changed":false,"inline_featured_image":false,"footnotes":""},"class_list":["post-31","page","type-page","status-publish","hentry"],"acf":[],"yoast_head":"<!-- This site is optimized with the Yoast SEO plugin v27.2 - https:\/\/yoast.com\/product\/yoast-seo-wordpress\/ -->\n<title>News - SVS \u2013 Vertrieb &amp; Service aus Leidenschaft<\/title>\n<meta name=\"robots\" content=\"index, follow, max-snippet:-1, max-image-preview:large, max-video-preview:-1\" \/>\n<link rel=\"canonical\" href=\"https:\/\/svs-vertrieb.de\/home\/news\/\" \/>\n<meta property=\"og:locale\" content=\"de_DE\" \/>\n<meta property=\"og:type\" content=\"article\" \/>\n<meta property=\"og:title\" content=\"News - SVS \u2013 Vertrieb &amp; Service aus Leidenschaft\" \/>\n<meta property=\"og:description\" content=\"Newsbereich Bleiben Sie informiert \u00fcber aktuelle Themen &amp; Aktionen Medieninformationen Offizielle Informationen zu SVS\" \/>\n<meta property=\"og:url\" content=\"https:\/\/svs-vertrieb.de\/home\/news\/\" \/>\n<meta property=\"og:site_name\" content=\"SVS \u2013 Vertrieb &amp; Service aus Leidenschaft\" \/>\n<meta property=\"article:modified_time\" content=\"2025-09-22T11:27:41+00:00\" \/>\n<meta name=\"twitter:card\" content=\"summary_large_image\" \/>\n<meta name=\"twitter:label1\" content=\"Gesch\u00e4tzte Lesezeit\" \/>\n\t<meta name=\"twitter:data1\" content=\"8\u00a0Minuten\" \/>\n<script type=\"application\/ld+json\" class=\"yoast-schema-graph\">{\"@context\":\"https:\/\/schema.org\",\"@graph\":[{\"@type\":\"WebPage\",\"@id\":\"https:\/\/svs-vertrieb.de\/home\/news\/\",\"url\":\"https:\/\/svs-vertrieb.de\/home\/news\/\",\"name\":\"News - SVS \u2013 Vertrieb &amp; Service aus Leidenschaft\",\"isPartOf\":{\"@id\":\"https:\/\/svs-vertrieb.de\/home\/#website\"},\"datePublished\":\"2023-05-30T10:22:34+00:00\",\"dateModified\":\"2025-09-22T11:27:41+00:00\",\"breadcrumb\":{\"@id\":\"https:\/\/svs-vertrieb.de\/home\/news\/#breadcrumb\"},\"inLanguage\":\"de\",\"potentialAction\":[{\"@type\":\"ReadAction\",\"target\":[\"https:\/\/svs-vertrieb.de\/home\/news\/\"]}]},{\"@type\":\"BreadcrumbList\",\"@id\":\"https:\/\/svs-vertrieb.de\/home\/news\/#breadcrumb\",\"itemListElement\":[{\"@type\":\"ListItem\",\"position\":1,\"name\":\"Home\",\"item\":\"https:\/\/svs-vertrieb.de\/home\/\"},{\"@type\":\"ListItem\",\"position\":2,\"name\":\"News\"}]},{\"@type\":\"WebSite\",\"@id\":\"https:\/\/svs-vertrieb.de\/home\/#website\",\"url\":\"https:\/\/svs-vertrieb.de\/home\/\",\"name\":\"SVS \u2013 Vertrieb &amp; Service aus Leidenschaft\",\"description\":\"Full-Service f\u00fcr den Fachhandel &amp; 360\u00b0 E-Commerce Partner f\u00fcr Marken\",\"potentialAction\":[{\"@type\":\"SearchAction\",\"target\":{\"@type\":\"EntryPoint\",\"urlTemplate\":\"https:\/\/svs-vertrieb.de\/home\/?s={search_term_string}\"},\"query-input\":{\"@type\":\"PropertyValueSpecification\",\"valueRequired\":true,\"valueName\":\"search_term_string\"}}],\"inLanguage\":\"de\"}]}<\/script>\n<!-- \/ Yoast SEO plugin. -->","yoast_head_json":{"title":"News - SVS \u2013 Vertrieb &amp; Service aus Leidenschaft","robots":{"index":"index","follow":"follow","max-snippet":"max-snippet:-1","max-image-preview":"max-image-preview:large","max-video-preview":"max-video-preview:-1"},"canonical":"https:\/\/svs-vertrieb.de\/home\/news\/","og_locale":"de_DE","og_type":"article","og_title":"News - SVS \u2013 Vertrieb &amp; Service aus Leidenschaft","og_description":"Newsbereich Bleiben Sie informiert \u00fcber aktuelle Themen &amp; Aktionen Medieninformationen Offizielle Informationen zu SVS","og_url":"https:\/\/svs-vertrieb.de\/home\/news\/","og_site_name":"SVS \u2013 Vertrieb &amp; Service aus Leidenschaft","article_modified_time":"2025-09-22T11:27:41+00:00","twitter_card":"summary_large_image","twitter_misc":{"Gesch\u00e4tzte Lesezeit":"8\u00a0Minuten"},"schema":{"@context":"https:\/\/schema.org","@graph":[{"@type":"WebPage","@id":"https:\/\/svs-vertrieb.de\/home\/news\/","url":"https:\/\/svs-vertrieb.de\/home\/news\/","name":"News - SVS \u2013 Vertrieb &amp; Service aus Leidenschaft","isPartOf":{"@id":"https:\/\/svs-vertrieb.de\/home\/#website"},"datePublished":"2023-05-30T10:22:34+00:00","dateModified":"2025-09-22T11:27:41+00:00","breadcrumb":{"@id":"https:\/\/svs-vertrieb.de\/home\/news\/#breadcrumb"},"inLanguage":"de","potentialAction":[{"@type":"ReadAction","target":["https:\/\/svs-vertrieb.de\/home\/news\/"]}]},{"@type":"BreadcrumbList","@id":"https:\/\/svs-vertrieb.de\/home\/news\/#breadcrumb","itemListElement":[{"@type":"ListItem","position":1,"name":"Home","item":"https:\/\/svs-vertrieb.de\/home\/"},{"@type":"ListItem","position":2,"name":"News"}]},{"@type":"WebSite","@id":"https:\/\/svs-vertrieb.de\/home\/#website","url":"https:\/\/svs-vertrieb.de\/home\/","name":"SVS \u2013 Vertrieb &amp; Service aus Leidenschaft","description":"Full-Service f\u00fcr den Fachhandel &amp; 360\u00b0 E-Commerce Partner f\u00fcr Marken","potentialAction":[{"@type":"SearchAction","target":{"@type":"EntryPoint","urlTemplate":"https:\/\/svs-vertrieb.de\/home\/?s={search_term_string}"},"query-input":{"@type":"PropertyValueSpecification","valueRequired":true,"valueName":"search_term_string"}}],"inLanguage":"de"}]}},"_links":{"self":[{"href":"https:\/\/svs-vertrieb.de\/home\/wp-json\/wp\/v2\/pages\/31","targetHints":{"allow":["GET"]}}],"collection":[{"href":"https:\/\/svs-vertrieb.de\/home\/wp-json\/wp\/v2\/pages"}],"about":[{"href":"https:\/\/svs-vertrieb.de\/home\/wp-json\/wp\/v2\/types\/page"}],"author":[{"embeddable":true,"href":"https:\/\/svs-vertrieb.de\/home\/wp-json\/wp\/v2\/users\/1"}],"replies":[{"embeddable":true,"href":"https:\/\/svs-vertrieb.de\/home\/wp-json\/wp\/v2\/comments?post=31"}],"version-history":[{"count":8,"href":"https:\/\/svs-vertrieb.de\/home\/wp-json\/wp\/v2\/pages\/31\/revisions"}],"predecessor-version":[{"id":2207,"href":"https:\/\/svs-vertrieb.de\/home\/wp-json\/wp\/v2\/pages\/31\/revisions\/2207"}],"wp:attachment":[{"href":"https:\/\/svs-vertrieb.de\/home\/wp-json\/wp\/v2\/media?parent=31"}],"curies":[{"name":"wp","href":"https:\/\/api.w.org\/{rel}","templated":true}]}}